{"id":18,"date":"2017-04-20T15:08:22","date_gmt":"2017-04-20T15:08:22","guid":{"rendered":"http:\/\/www.rockgegenkrebs.de\/?page_id=18"},"modified":"2022-02-03T13:17:52","modified_gmt":"2022-02-03T13:17:52","slug":"kontakt","status":"publish","type":"page","link":"https:\/\/rock-gegen-krebs.de\/?page_id=18","title":{"rendered":"Kontakt"},"content":{"rendered":"<div id=\"header_layer\">\n<div id=\"id1\" class=\"style_SkipStroke shape-with-text\">\n<div class=\"text-content graphic_textbox_layout_style_default_External_351_211\">\n<div class=\"graphic_textbox_layout_style_default\">\n<p class=\"paragraph_style\"><strong>ROCK GEGEN KREBS e.V<\/strong><br \/>\nc\/o Klaus B\u00fcker<\/p>\n<p class=\"paragraph_style\">Friedrichstr. 6<br \/>\n33813 Oerlinghausen<br \/>\nTelefon +49 5202 2190<br \/>\nMobil&nbsp;&nbsp;&nbsp; +49 16094571515&nbsp;&nbsp;<\/p>\n<p class=\"paragraph_style\">E-Mail:&nbsp;klaus-bueker[et]t-online.de<\/p>\n<\/div>\n<\/div>\n<\/div>\n<\/div>\n<div id=\"body_layer\">\n<div class=\"bumper\">&nbsp;<\/div>\n<div id=\"id2\" class=\"style_SkipStroke shape-with-text\">\n<div class=\"text-content graphic_textbox_layout_style_default_External_609_517\">\n<div class=\"graphic_textbox_layout_style_default\">\n<p class=\"paragraph_style_1\"><strong>Gesucht werden &#8230;<br \/>\n<\/strong>Vereine, Firmen, Privatpersonen oder Initiativen ( au\u00dferhalb von OWL ), die ebenfalls im Kampf gegen Krebs oder auch f\u00fcr andere karitative Zwecke eine Benefiz-Veranstaltung im Stil von Rock- oder Oldie Konzerten durchf\u00fchren wollen.<\/p>\n<p class=\"paragraph_style_1\"><strong>Wir &#8230;<br \/>\n<\/strong>Wissen wie es geht<br \/>\nHaben die Verbindungen und Kontakte<br \/>\nHelfen und beraten gerne<br \/>\nOrganisieren mit Euch gemeinsam<\/p>\n<p class=\"paragraph_style_1\"><strong>Meldet Euch &#8230;<br \/>\n<\/strong>unter o.g. Kontakt<\/p>\n<p class=\"paragraph_style_1\"><strong>Eine solches Vorhaben ist &#8230;<\/strong><br \/>\nVielleicht ein kleines finanzielles Risiko<br \/>\nViel organisatorische Arbeit<br \/>\nViele Stunden Arbeit am Veranstaltungstag<br \/>\nViel Spa\u00df f\u00fcr alle Beteiligten<br \/>\nEs bringt eine hohe emotionale Befriedigung wenn man anschlie\u00dfend sagen kann<\/p>\n<p class=\"paragraph_style_1\"><strong>&#8230; WIR HABEN GEHOLFEN<\/strong><\/p>\n<p class=\"Body\">Also: ROCKT MIT UNS F\u00dcR DEN GUTEN ZWECK<\/p>\n<\/div>\n<\/div>\n<\/div>\n<\/div>\n","protected":false},"excerpt":{"rendered":"<p>ROCK GEGEN KREBS e.V c\/o Klaus B\u00fcker Friedrichstr. 6 33813 Oerlinghausen Telefon +49 5202 2190 Mobil&nbsp;&nbsp;&nbsp; +49 16094571515&nbsp;&nbsp; E-Mail:&nbsp;klaus-bueker[et]t-online.de &nbsp; Gesucht werden &#8230; Vereine, Firmen, Privatpersonen oder Initiativen ( au\u00dferhalb von OWL ), die ebenfalls im Kampf gegen Krebs oder auch f\u00fcr andere karitative Zwecke eine Benefiz-Veranstaltung im Stil von Rock- oder Oldie Konzerten durchf\u00fchren wollen. Wir &#8230; Wissen wie es geht Haben die Verbindungen [&hellip;]<\/p>\n","protected":false},"author":2,"featured_media":348,"parent":0,"menu_order":0,"comment_status":"closed","ping_status":"closed","template":"","meta":{"ngg_post_thumbnail":0,"footnotes":""},"class_list":["post-18","page","type-page","status-publish","has-post-thumbnail","hentry"],"_links":{"self":[{"href":"https:\/\/rock-gegen-krebs.de\/index.php?rest_route=\/wp\/v2\/pages\/18","targetHints":{"allow":["GET"]}}],"collection":[{"href":"https:\/\/rock-gegen-krebs.de\/index.php?rest_route=\/wp\/v2\/pages"}],"about":[{"href":"https:\/\/rock-gegen-krebs.de\/index.php?rest_route=\/wp\/v2\/types\/page"}],"author":[{"embeddable":true,"href":"https:\/\/rock-gegen-krebs.de\/index.php?rest_route=\/wp\/v2\/users\/2"}],"replies":[{"embeddable":true,"href":"https:\/\/rock-gegen-krebs.de\/index.php?rest_route=%2Fwp%2Fv2%2Fcomments&post=18"}],"version-history":[{"count":0,"href":"https:\/\/rock-gegen-krebs.de\/index.php?rest_route=\/wp\/v2\/pages\/18\/revisions"}],"wp:featuredmedia":[{"embeddable":true,"href":"https:\/\/rock-gegen-krebs.de\/index.php?rest_route=\/wp\/v2\/media\/348"}],"wp:attachment":[{"href":"https:\/\/rock-gegen-krebs.de\/index.php?rest_route=%2Fwp%2Fv2%2Fmedia&parent=18"}],"curies":[{"name":"wp","href":"https:\/\/api.w.org\/{rel}","templated":true}]}}